{"id":86,"date":"2013-01-03T12:14:33","date_gmt":"2013-01-03T11:14:33","guid":{"rendered":"http:\/\/fundacja-latarnia.pl\/?page_id=86"},"modified":"2017-02-18T22:49:51","modified_gmt":"2017-02-18T21:49:51","slug":"chrzescijanski-dom-przystan","status":"publish","type":"page","link":"https:\/\/fundacja-latarnia.pl\/index.php\/chrzescijanski-dom-przystan\/","title":{"rendered":"Chrze\u015bcija\u0144ski Dom &#8222;Przysta\u0144&#8221;"},"content":{"rendered":"<style type=\"text\/css\"><\/style><p style=\"text-align: center;\">Chrze\u015bcija\u0144ski Dom \u201ePrzysta\u0144\u201d jest form\u0105 o\u015brodka resocjalizacyjnego prowadzonego jako filia przez\u00a0Fundacj\u0119 \u201eLatarnia\u201d.\u00a0Filia dzia\u0142a jako jednostka pozarz\u0105dowa i jest samofinasuj\u0105ca si\u0119.<br \/>\nResocjalizacja w Chrze\u015bcija\u0144skim Domu \u201ePrzysta\u0144\u201d jest oparta na chrze\u015bcija\u0144skich warto\u015bciach.\u00a0Celem nadrz\u0119dnym prowadzenia Chrze\u015bcija\u0144skiego Domu \u201ePrzysta\u0144\u201d jest stworzenie otwartego\u00a0Domu dla ka\u017cdej potrzebuj\u0105cej osoby.<\/p>\n<h4 style=\"text-align: center;\"><\/h4>\n<h4 style=\"text-align: center;\"><strong><em>Temu, kt\u00f3rego umys\u0142 jest sta\u0142y, zachowujesz pok\u00f3j, pok\u00f3j m\u00f3wi\u0119; bo tobie\u00a0zaufa\u0142.<\/em><\/strong><\/h4>\n<h4 style=\"text-align: center;\"><strong>Iz. 26,3<\/strong><\/h4>\n<p>&nbsp;<\/p>\n<p style=\"text-align: center;\"><img loading=\"lazy\" decoding=\"async\" class=\"alignnone  wp-image-1015\" src=\"https:\/\/fundacja-latarnia.pl\/wp-content\/uploads\/2013\/01\/dom1.png\" alt=\"dom\" width=\"623\" height=\"256\" \/><\/p>\n","protected":false},"excerpt":{"rendered":"<p>Chrze\u015bcija\u0144ski Dom \u201ePrzysta\u0144\u201d jest form\u0105 o\u015brodka resocjalizacyjnego prowadzonego jako filia przez\u00a0Fundacj\u0119 \u201eLatarnia\u201d.\u00a0Filia dzia\u0142a jako jednostka pozarz\u0105dowa i jest samofinasuj\u0105ca si\u0119. Resocjalizacja w Chrze\u015bcija\u0144skim Domu \u201ePrzysta\u0144\u201d jest oparta na chrze\u015bcija\u0144skich warto\u015bciach.\u00a0Celem nadrz\u0119dnym prowadzenia Chrze\u015bcija\u0144skiego Domu \u201ePrzysta\u0144\u201d jest stworzenie otwartego\u00a0Domu dla ka\u017cdej potrzebuj\u0105cej osoby. Temu, kt\u00f3rego umys\u0142 jest sta\u0142y, zachowujesz pok\u00f3j, pok\u00f3j m\u00f3wi\u0119; bo tobie\u00a0zaufa\u0142. Iz. 26,3&#8230;<\/p>\n","protected":false},"author":1,"featured_media":0,"parent":0,"menu_order":0,"comment_status":"closed","ping_status":"closed","template":"","meta":{"ngg_post_thumbnail":0,"footnotes":""},"class_list":["post-86","page","type-page","status-publish","hentry"],"_links":{"self":[{"href":"https:\/\/fundacja-latarnia.pl\/index.php\/wp-json\/wp\/v2\/pages\/86","targetHints":{"allow":["GET"]}}],"collection":[{"href":"https:\/\/fundacja-latarnia.pl\/index.php\/wp-json\/wp\/v2\/pages"}],"about":[{"href":"https:\/\/fundacja-latarnia.pl\/index.php\/wp-json\/wp\/v2\/types\/page"}],"author":[{"embeddable":true,"href":"https:\/\/fundacja-latarnia.pl\/index.php\/wp-json\/wp\/v2\/users\/1"}],"replies":[{"embeddable":true,"href":"https:\/\/fundacja-latarnia.pl\/index.php\/wp-json\/wp\/v2\/comments?post=86"}],"version-history":[{"count":1,"href":"https:\/\/fundacja-latarnia.pl\/index.php\/wp-json\/wp\/v2\/pages\/86\/revisions"}],"predecessor-version":[{"id":12120,"href":"https:\/\/fundacja-latarnia.pl\/index.php\/wp-json\/wp\/v2\/pages\/86\/revisions\/12120"}],"wp:attachment":[{"href":"https:\/\/fundacja-latarnia.pl\/index.php\/wp-json\/wp\/v2\/media?parent=86"}],"curies":[{"name":"wp","href":"https:\/\/api.w.org\/{rel}","templated":true}]}}