{"id":12135,"date":"2017-02-18T23:29:53","date_gmt":"2017-02-18T22:29:53","guid":{"rendered":"http:\/\/nowa.fundacja-latarnia.pl\/?page_id=12135"},"modified":"2017-02-25T22:48:50","modified_gmt":"2017-02-25T21:48:50","slug":"relizowane-projekty","status":"publish","type":"page","link":"https:\/\/fundacja-latarnia.pl\/index.php\/relizowane-projekty\/","title":{"rendered":"Realizowane projekty"},"content":{"rendered":"<style type=\"text\/css\"> \n#cmsmasters_row_69f33c58263f32_70553605 { \n\tbackground-color:#fafafa;\n} \n\n#cmsmasters_row_69f33c58263f32_70553605 .cmsmasters_row_outer_parent { \n\tpadding-top: 100px; \n} \n\n#cmsmasters_row_69f33c58263f32_70553605 .cmsmasters_row_outer_parent { \n\tpadding-bottom: 100px; \n} \n\n \n#cmsmasters_row_69f33c582f4b66_87390722 .cmsmasters_row_outer_parent { \n\tpadding-top: 100px; \n} \n\n#cmsmasters_row_69f33c582f4b66_87390722 .cmsmasters_row_outer_parent { \n\tpadding-bottom: 0px; \n} \n\n \n#cmsmasters_row_69f33c582f62d8_00455617 .cmsmasters_row_outer_parent { \n\tpadding-top: 20px; \n} \n\n#cmsmasters_row_69f33c582f62d8_00455617 .cmsmasters_row_outer_parent { \n\tpadding-bottom: 30px; \n} \n\n \n#cmsmasters_icon_69f33c582f7054_29284819 { \n\tdisplay:block; \n\ttext-align:center; } \n\n#cmsmasters_icon_69f33c582f7054_29284819 .cmsmasters_simple_icon { \n\tborder-width:0px; \n\twidth:120px; \n\theight:120px; \n\tfont-size:60px; \n\tline-height:120px; \n\ttext-align:center; \n\t-webkit-border-radius:50%; \n\tborder-radius:50%; \n\tcolor:#5471d8;} \n \n#cmsmasters_icon_69f33c582f7478_57296346 { \n\tdisplay:block; \n\ttext-align:center; } \n\n#cmsmasters_icon_69f33c582f7478_57296346 .cmsmasters_simple_icon { \n\tborder-width:0px; \n\twidth:120px; \n\theight:120px; \n\tfont-size:60px; \n\tline-height:120px; \n\ttext-align:center; \n\t-webkit-border-radius:50%; \n\tborder-radius:50%; \n\tcolor:#5471d8;} \n \n#cmsmasters_icon_69f33c582f7860_32501047 { \n\tdisplay:block; \n\ttext-align:center; } \n\n#cmsmasters_icon_69f33c582f7860_32501047 .cmsmasters_simple_icon { \n\tborder-width:0px; \n\twidth:120px; \n\theight:120px; \n\tfont-size:60px; \n\tline-height:120px; \n\ttext-align:center; \n\t-webkit-border-radius:50%; \n\tborder-radius:50%; \n\tcolor:#5471d8;} \n<\/style><div id=\"cmsmasters_row_69f33c58263f32_70553605\" class=\"cmsmasters_row cmsmasters_color_scheme_default cmsmasters_row_top_default cmsmasters_row_bot_default cmsmasters_row_boxed\">\n<div class=\"cmsmasters_row_outer_parent\">\n<div class=\"cmsmasters_row_outer\">\n<div class=\"cmsmasters_row_inner\">\n<div class=\"cmsmasters_row_margin\">\n<div class=\"cmsmasters_column one_first\">\n<div class=\"cmsmasters_wrap_blog entry-summary\" id=\"blog_69f33c582649d2_34933859\"><div class=\"blog standard\">\r\n<!-- Start Standard Article -->\r\n\r\n<article id=\"post-13673\" class=\"cmsmasters_post_default post-13673 post type-post status-publish format-standard has-post-thumbnail hentry category-realizowane-projekty\">\r\n\t<div class=\"cmsmasters_post_cont\">\r\n\t\t<figure class=\"cmsmasters_img_wrap\"><a href=\"https:\/\/fundacja-latarnia.pl\/index.php\/2026\/04\/27\/terapia-grupowa-w-procesie-trzezwienia-i-odbudowy-funkcjonowania-spolecznego\/\" title=\"Terapia grupowa w procesie trze\u017awienia i odbudowy funkcjonowania spo\u0142ecznego\" class=\"cmsmasters_img_link\"><img loading=\"lazy\" decoding=\"async\" width=\"1160\" height=\"610\" src=\"https:\/\/fundacja-latarnia.pl\/wp-content\/uploads\/2026\/04\/II-edycja-terapia-grupowa-1160x610.png\" class=\" wp-post-image\" alt=\"Terapia grupowa w procesie trze\u017awienia i odbudowy funkcjonowania spo\u0142ecznego\" title=\"Terapia grupowa w procesie trze\u017awienia i odbudowy funkcjonowania spo\u0142ecznego\" \/><\/a><\/figure><div class=\"cmsmasters_post_cont_wrapper\"><div class=\"cmsmasters_post_info entry-meta\"><span class=\"cmsmasters_post_date\">On <abbr class=\"published\" title=\"27 kwietnia 2026\">27 kwietnia 2026<\/abbr><abbr class=\"dn date updated\" title=\"27 kwietnia 2026\">27 kwietnia 2026<\/abbr><\/span><\/div><div class=\"cmsmasters_post_info_bottom entry-meta\"><header class=\"cmsmasters_post_header entry-header\"><h2 class=\"cmsmasters_post_title entry-title\"><a href=\"https:\/\/fundacja-latarnia.pl\/index.php\/2026\/04\/27\/terapia-grupowa-w-procesie-trzezwienia-i-odbudowy-funkcjonowania-spolecznego\/\">Terapia grupowa w procesie trze\u017awienia i odbudowy funkcjonowania spo\u0142ecznego<\/a><\/h2><\/header><div class=\"cmsmasters_post_content entry-content\">\n<p>W okresie od wrze\u015bnia 2025 roku do kwietnia 2026 roku realizowali\u015bmydrug\u0105 edycj\u0119 programu terapeutycznego skierowanego do os\u00f3b zmagaj\u0105cychsi\u0119 z problemem...<\/p>\n<\/div>\n<footer class=\"cmsmasters_post_footer entry-meta\"><a class=\"button cmsmasters_post_read_more\" href=\"https:\/\/fundacja-latarnia.pl\/index.php\/2026\/04\/27\/terapia-grupowa-w-procesie-trzezwienia-i-odbudowy-funkcjonowania-spolecznego\/\">Read More<\/a><\/footer><\/div><\/div>\t<\/div>\r\n<\/article>\r\n<!-- Finish Standard Article -->\r\n\r\n\r\n<!-- Start Standard Article -->\r\n\r\n<article id=\"post-13671\" class=\"cmsmasters_post_default post-13671 post type-post status-publish format-standard has-post-thumbnail hentry category-realizowane-projekty\">\r\n\t<div class=\"cmsmasters_post_cont\">\r\n\t\t<figure class=\"cmsmasters_img_wrap\"><a href=\"https:\/\/fundacja-latarnia.pl\/index.php\/2026\/04\/27\/grupowa-terapia-uzaleznien-jako-element-wsparcia-i-reintegracji-spolecznej\/\" title=\"Grupowa terapia uzale\u017cnie\u0144 jako element wsparcia i reintegracji spo\u0142ecznej\" class=\"cmsmasters_img_link\"><img loading=\"lazy\" decoding=\"async\" width=\"1160\" height=\"610\" src=\"https:\/\/fundacja-latarnia.pl\/wp-content\/uploads\/2026\/04\/I-edycja-terapii-grupowej-1160x610.png\" class=\" wp-post-image\" alt=\"Grupowa terapia uzale\u017cnie\u0144 jako element wsparcia i reintegracji spo\u0142ecznej\" title=\"Grupowa terapia uzale\u017cnie\u0144 jako element wsparcia i reintegracji spo\u0142ecznej\" \/><\/a><\/figure><div class=\"cmsmasters_post_cont_wrapper\"><div class=\"cmsmasters_post_info entry-meta\"><span class=\"cmsmasters_post_date\">On <abbr class=\"published\" title=\"27 kwietnia 2026\">27 kwietnia 2026<\/abbr><abbr class=\"dn date updated\" title=\"27 kwietnia 2026\">27 kwietnia 2026<\/abbr><\/span><\/div><div class=\"cmsmasters_post_info_bottom entry-meta\"><header class=\"cmsmasters_post_header entry-header\"><h2 class=\"cmsmasters_post_title entry-title\"><a href=\"https:\/\/fundacja-latarnia.pl\/index.php\/2026\/04\/27\/grupowa-terapia-uzaleznien-jako-element-wsparcia-i-reintegracji-spolecznej\/\">Grupowa terapia uzale\u017cnie\u0144 jako element wsparcia i reintegracji spo\u0142ecznej<\/a><\/h2><\/header><div class=\"cmsmasters_post_content entry-content\">\n<p>W okresie od marca do sierpnia 2025 roku realizowali\u015bmy 6-miesi\u0119cznyprogram grupowej terapii uzale\u017cnie\u0144 skierowany do os\u00f3b zmagaj\u0105cych si\u0119 zproblemem alkoholowym....<\/p>\n<\/div>\n<footer class=\"cmsmasters_post_footer entry-meta\"><a class=\"button cmsmasters_post_read_more\" href=\"https:\/\/fundacja-latarnia.pl\/index.php\/2026\/04\/27\/grupowa-terapia-uzaleznien-jako-element-wsparcia-i-reintegracji-spolecznej\/\">Read More<\/a><\/footer><\/div><\/div>\t<\/div>\r\n<\/article>\r\n<!-- Finish Standard Article -->\r\n\r\n\r\n<!-- Start Standard Article -->\r\n\r\n<article id=\"post-13503\" class=\"cmsmasters_post_default post-13503 post type-post status-publish format-standard hentry category-realizowane-projekty\">\r\n\t<div class=\"cmsmasters_post_cont\">\r\n\t\t<div class=\"cmsmasters_post_cont_wrapper\"><div class=\"cmsmasters_post_info entry-meta\"><span class=\"cmsmasters_post_date\">On <abbr class=\"published\" title=\"10 grudnia 2023\">10 grudnia 2023<\/abbr><abbr class=\"dn date updated\" title=\"10 grudnia 2023\">10 grudnia 2023<\/abbr><\/span><\/div><div class=\"cmsmasters_post_info_bottom entry-meta\"><header class=\"cmsmasters_post_header entry-header\"><h2 class=\"cmsmasters_post_title entry-title\"><a href=\"https:\/\/fundacja-latarnia.pl\/index.php\/2023\/12\/10\/projekt-pakd-powes\/\">Projekt PAKD POWES<\/a><\/h2><\/header><div class=\"cmsmasters_post_content entry-content\">\n<p>240 000,00 z\u0142 Dzia\u0142ania na rzecz utworzenia przedsi\u0119biorstwa spo\u0142ecznego w Fundacji.<\/p>\n<\/div>\n<footer class=\"cmsmasters_post_footer entry-meta\"><a class=\"button cmsmasters_post_read_more\" href=\"https:\/\/fundacja-latarnia.pl\/index.php\/2023\/12\/10\/projekt-pakd-powes\/\">Read More<\/a><\/footer><\/div><\/div>\t<\/div>\r\n<\/article>\r\n<!-- Finish Standard Article -->\r\n\r\n\r\n<!-- Start Standard Article -->\r\n\r\n<article id=\"post-13481\" class=\"cmsmasters_post_default post-13481 post type-post status-publish format-standard has-post-thumbnail hentry category-aktualnosci category-realizowane-projekty\">\r\n\t<div class=\"cmsmasters_post_cont\">\r\n\t\t<figure class=\"cmsmasters_img_wrap\"><a href=\"https:\/\/fundacja-latarnia.pl\/index.php\/2023\/11\/01\/dni-freedom-2023-za-nami\/\" title=\"Dni Freedom 2023 za nami\" class=\"cmsmasters_img_link\"><img loading=\"lazy\" decoding=\"async\" width=\"960\" height=\"384\" src=\"https:\/\/fundacja-latarnia.pl\/wp-content\/uploads\/2023\/08\/nagl.jpg\" class=\" wp-post-image\" alt=\"Dni Freedom 2023 za nami\" title=\"Dni Freedom 2023 za nami\" srcset=\"https:\/\/fundacja-latarnia.pl\/wp-content\/uploads\/2023\/08\/nagl.jpg 960w, https:\/\/fundacja-latarnia.pl\/wp-content\/uploads\/2023\/08\/nagl-300x120.jpg 300w, https:\/\/fundacja-latarnia.pl\/wp-content\/uploads\/2023\/08\/nagl-768x307.jpg 768w, https:\/\/fundacja-latarnia.pl\/wp-content\/uploads\/2023\/08\/nagl-580x232.jpg 580w, https:\/\/fundacja-latarnia.pl\/wp-content\/uploads\/2023\/08\/nagl-860x344.jpg 860w\" sizes=\"auto, (max-width: 960px) 100vw, 960px\" \/><\/a><\/figure><div class=\"cmsmasters_post_cont_wrapper\"><div class=\"cmsmasters_post_info entry-meta\"><span class=\"cmsmasters_post_date\">On <abbr class=\"published\" title=\"1 listopada 2023\">1 listopada 2023<\/abbr><abbr class=\"dn date updated\" title=\"5 listopada 2023\">5 listopada 2023<\/abbr><\/span><\/div><div class=\"cmsmasters_post_info_bottom entry-meta\"><header class=\"cmsmasters_post_header entry-header\"><h2 class=\"cmsmasters_post_title entry-title\"><a href=\"https:\/\/fundacja-latarnia.pl\/index.php\/2023\/11\/01\/dni-freedom-2023-za-nami\/\">Dni Freedom 2023 za nami<\/a><\/h2><\/header><div class=\"cmsmasters_post_content entry-content\">\n<p>Dni Freedom 2023 Za nami Dni Freedom, kt\u00f3re odby\u0142y si\u0119 18-19 sierpnia 2023. W tym roku akcja organizowana by\u0142a we...<\/p>\n<\/div>\n<footer class=\"cmsmasters_post_footer entry-meta\"><a class=\"button cmsmasters_post_read_more\" href=\"https:\/\/fundacja-latarnia.pl\/index.php\/2023\/11\/01\/dni-freedom-2023-za-nami\/\">Read More<\/a><\/footer><\/div><\/div>\t<\/div>\r\n<\/article>\r\n<!-- Finish Standard Article -->\r\n\r\n\r\n<!-- Start Standard Article -->\r\n\r\n<article id=\"post-12497\" class=\"cmsmasters_post_default post-12497 post type-post status-publish format-standard has-post-thumbnail hentry category-realizowane-projekty\">\r\n\t<div class=\"cmsmasters_post_cont\">\r\n\t\t<figure class=\"cmsmasters_img_wrap\"><a href=\"https:\/\/fundacja-latarnia.pl\/index.php\/2017\/03\/10\/zabezpieczenie-schronienia-osobom-bezdomnym\/\" title=\"Zabezpieczenie schronienia osobom bezdomnym\" class=\"cmsmasters_img_link\"><img loading=\"lazy\" decoding=\"async\" width=\"1024\" height=\"610\" src=\"https:\/\/fundacja-latarnia.pl\/wp-content\/uploads\/2017\/02\/bezdomni_3-1024x610.jpg\" class=\" wp-post-image\" alt=\"Zabezpieczenie schronienia osobom bezdomnym\" title=\"Zabezpieczenie schronienia osobom bezdomnym\" \/><\/a><\/figure><div class=\"cmsmasters_post_cont_wrapper\"><div class=\"cmsmasters_post_info entry-meta\"><span class=\"cmsmasters_post_date\">On <abbr class=\"published\" title=\"10 marca 2017\">10 marca 2017<\/abbr><abbr class=\"dn date updated\" title=\"10 marca 2017\">10 marca 2017<\/abbr><\/span><\/div><div class=\"cmsmasters_post_info_bottom entry-meta\"><header class=\"cmsmasters_post_header entry-header\"><h2 class=\"cmsmasters_post_title entry-title\"><a href=\"https:\/\/fundacja-latarnia.pl\/index.php\/2017\/03\/10\/zabezpieczenie-schronienia-osobom-bezdomnym\/\">Zabezpieczenie schronienia osobom bezdomnym<\/a><\/h2><\/header><div class=\"cmsmasters_post_content entry-content\">\n<p>Zabezpieczenie schronienia osobom bezdomnym poprzez remonty, doposa\u017cenie i utrzymanie O\u015brodka dla os\u00f3b w miejscowo\u015bci Wola Piotrowa, gmina Bukowsko w formie...<\/p>\n<\/div>\n<footer class=\"cmsmasters_post_footer entry-meta\"><a class=\"button cmsmasters_post_read_more\" href=\"https:\/\/fundacja-latarnia.pl\/index.php\/2017\/03\/10\/zabezpieczenie-schronienia-osobom-bezdomnym\/\">Zobacz wi\u0119cej<\/a><\/footer><\/div><\/div>\t<\/div>\r\n<\/article>\r\n<!-- Finish Standard Article -->\r\n\r\n\r\n<!-- Start Standard Article -->\r\n\r\n<article id=\"post-1410\" class=\"cmsmasters_post_default post-1410 post type-post status-publish format-standard has-post-thumbnail hentry category-bez-kategorii category-realizowane-projekty\">\r\n\t<div class=\"cmsmasters_post_cont\">\r\n\t\t<figure class=\"cmsmasters_img_wrap\"><a href=\"https:\/\/fundacja-latarnia.pl\/index.php\/2015\/10\/14\/swiadczenie-uslug-socjalnych-dla-osob-bezdomnych-3\/\" title=\"\u015awiadczenie us\u0142ug socjalnych dla os\u00f3b bezdomnych\" class=\"cmsmasters_img_link\"><\/a><\/figure><div class=\"cmsmasters_post_cont_wrapper\"><div class=\"cmsmasters_post_info entry-meta\"><span class=\"cmsmasters_post_date\">On <abbr class=\"published\" title=\"14 pa\u017adziernika 2015\">14 pa\u017adziernika 2015<\/abbr><abbr class=\"dn date updated\" title=\"14 pa\u017adziernika 2015\">14 pa\u017adziernika 2015<\/abbr><\/span><\/div><div class=\"cmsmasters_post_info_bottom entry-meta\"><header class=\"cmsmasters_post_header entry-header\"><h2 class=\"cmsmasters_post_title entry-title\"><a href=\"https:\/\/fundacja-latarnia.pl\/index.php\/2015\/10\/14\/swiadczenie-uslug-socjalnych-dla-osob-bezdomnych-3\/\">\u015awiadczenie us\u0142ug socjalnych dla os\u00f3b bezdomnych<\/a><\/h2><\/header><div class=\"cmsmasters_post_content entry-content\">\n<p>&nbsp; Zabezpieczenie schronienia osobom bezdomnym poprzez remonty, doposa\u017cenie i utrzymanie O\u015brodka dla os\u00f3b bezdomnych w miejscowo\u015bci Wola Piotrowa, gmina Bukowsko...<\/p>\n<\/div>\n<footer class=\"cmsmasters_post_footer entry-meta\"><a class=\"button cmsmasters_post_read_more\" href=\"https:\/\/fundacja-latarnia.pl\/index.php\/2015\/10\/14\/swiadczenie-uslug-socjalnych-dla-osob-bezdomnych-3\/\">Read More<\/a><\/footer><\/div><\/div>\t<\/div>\r\n<\/article>\r\n<!-- Finish Standard Article -->\r\n\r\n\r\n<!-- Start Standard Article -->\r\n\r\n<article id=\"post-1408\" class=\"cmsmasters_post_default post-1408 post type-post status-publish format-standard has-post-thumbnail hentry category-bez-kategorii category-realizowane-projekty\">\r\n\t<div class=\"cmsmasters_post_cont\">\r\n\t\t<figure class=\"cmsmasters_img_wrap\"><a href=\"https:\/\/fundacja-latarnia.pl\/index.php\/2015\/10\/14\/iii-ekologiczny-piknik-zdrowia-3\/\" title=\"III Ekologiczny Piknik Zdrowia\" class=\"cmsmasters_img_link\"><\/a><\/figure><div class=\"cmsmasters_post_cont_wrapper\"><div class=\"cmsmasters_post_info entry-meta\"><span class=\"cmsmasters_post_date\">On <abbr class=\"published\" title=\"14 pa\u017adziernika 2015\">14 pa\u017adziernika 2015<\/abbr><abbr class=\"dn date updated\" title=\"14 pa\u017adziernika 2015\">14 pa\u017adziernika 2015<\/abbr><\/span><\/div><div class=\"cmsmasters_post_info_bottom entry-meta\"><header class=\"cmsmasters_post_header entry-header\"><h2 class=\"cmsmasters_post_title entry-title\"><a href=\"https:\/\/fundacja-latarnia.pl\/index.php\/2015\/10\/14\/iii-ekologiczny-piknik-zdrowia-3\/\">III Ekologiczny Piknik Zdrowia<\/a><\/h2><\/header><div class=\"cmsmasters_post_content entry-content\">\n<p>III Ekologiczny Piknik Zdrowia w formie wspierania realizacji zadania publicznego Instytucja zlecaj\u0105ca:\u00a0\u00a0Starostwo Powiatowe Sanok Czas trwania:\u00a0od 01.05.2015r do 01.12.2015r Kwota...<\/p>\n<\/div>\n<footer class=\"cmsmasters_post_footer entry-meta\"><a class=\"button cmsmasters_post_read_more\" href=\"https:\/\/fundacja-latarnia.pl\/index.php\/2015\/10\/14\/iii-ekologiczny-piknik-zdrowia-3\/\">Read More<\/a><\/footer><\/div><\/div>\t<\/div>\r\n<\/article>\r\n<!-- Finish Standard Article -->\r\n\r\n\r\n<!-- Start Standard Article -->\r\n\r\n<article id=\"post-1369\" class=\"cmsmasters_post_default post-1369 post type-post status-publish format-standard has-post-thumbnail hentry category-aktualnosci category-bez-kategorii category-realizowane-projekty category-wpisy-na-glownej tag-aktualnosci\">\r\n\t<div class=\"cmsmasters_post_cont\">\r\n\t\t<figure class=\"cmsmasters_img_wrap\"><a href=\"https:\/\/fundacja-latarnia.pl\/index.php\/2015\/09\/30\/nowy-dom\/\" title=\"Nowy Dom\" class=\"cmsmasters_img_link\"><\/a><\/figure><div class=\"cmsmasters_post_cont_wrapper\"><div class=\"cmsmasters_post_info entry-meta\"><span class=\"cmsmasters_post_date\">On <abbr class=\"published\" title=\"30 wrze\u015bnia 2015\">30 wrze\u015bnia 2015<\/abbr><abbr class=\"dn date updated\" title=\"30 wrze\u015bnia 2015\">30 wrze\u015bnia 2015<\/abbr><\/span><\/div><div class=\"cmsmasters_post_info_bottom entry-meta\"><header class=\"cmsmasters_post_header entry-header\"><h2 class=\"cmsmasters_post_title entry-title\"><a href=\"https:\/\/fundacja-latarnia.pl\/index.php\/2015\/09\/30\/nowy-dom\/\">Nowy Dom<\/a><\/h2><\/header><div class=\"cmsmasters_post_content entry-content\">\n<p>W sierpniu Fundacja Latarnia dosta\u0142a budynek w kt\u00f3rym rozpoczyna dzia\u0142ania remontowo &#8211; budowlane na rzecz stworzenia kolejnego o\u015brodka &#8211; centrum...<\/p>\n<\/div>\n<footer class=\"cmsmasters_post_footer entry-meta\"><a class=\"button cmsmasters_post_read_more\" href=\"https:\/\/fundacja-latarnia.pl\/index.php\/2015\/09\/30\/nowy-dom\/\">Read More<\/a><\/footer><\/div><\/div>\t<\/div>\r\n<\/article>\r\n<!-- Finish Standard Article -->\r\n\r\n\r\n<!-- Start Standard Article -->\r\n\r\n<article id=\"post-1042\" class=\"cmsmasters_post_default post-1042 post type-post status-publish format-standard has-post-thumbnail hentry category-aktualnosci category-bez-kategorii category-realizowane-projekty category-wpisy-na-glownej tag-aktualnosci\">\r\n\t<div class=\"cmsmasters_post_cont\">\r\n\t\t<figure class=\"cmsmasters_img_wrap\"><a href=\"https:\/\/fundacja-latarnia.pl\/index.php\/2014\/12\/18\/jest-juz-lista-rankingowa-fundacja-latarnia-dostaje-grant\/\" title=\"Jest ju\u017c lista rankingowa Fundacja Latarnia dostaje grant !\" class=\"cmsmasters_img_link\"><\/a><\/figure><div class=\"cmsmasters_post_cont_wrapper\"><div class=\"cmsmasters_post_info entry-meta\"><span class=\"cmsmasters_post_date\">On <abbr class=\"published\" title=\"18 grudnia 2014\">18 grudnia 2014<\/abbr><abbr class=\"dn date updated\" title=\"18 grudnia 2014\">18 grudnia 2014<\/abbr><\/span><\/div><div class=\"cmsmasters_post_info_bottom entry-meta\"><header class=\"cmsmasters_post_header entry-header\"><h2 class=\"cmsmasters_post_title entry-title\"><a href=\"https:\/\/fundacja-latarnia.pl\/index.php\/2014\/12\/18\/jest-juz-lista-rankingowa-fundacja-latarnia-dostaje-grant\/\">Jest ju\u017c lista rankingowa Fundacja Latarnia dostaje grant !<\/a><\/h2><\/header><div class=\"cmsmasters_post_content entry-content\">\n<p>S\u0105 ju\u017c znani laureaci Konkursu \u201eTu mieszkam, tu zmieniam\u201d organizowanego przez Bank Zachodni WBK. Jury zdecydowa\u0142o, \u017ce granty finansowe otrzyma...<\/p>\n<\/div>\n<footer class=\"cmsmasters_post_footer entry-meta\"><a class=\"button cmsmasters_post_read_more\" href=\"https:\/\/fundacja-latarnia.pl\/index.php\/2014\/12\/18\/jest-juz-lista-rankingowa-fundacja-latarnia-dostaje-grant\/\">Read More<\/a><\/footer><\/div><\/div>\t<\/div>\r\n<\/article>\r\n<!-- Finish Standard Article -->\r\n\r\n<\/div><div class=\"cmsmasters_wrap_more_posts cmsmasters_wrap_more_items\"><div class=\"cmsmasters_wrap_pagination\"><ul class='page-numbers'>\n\t<li><span aria-current=\"page\" class=\"page-numbers current\">1<\/span><\/li>\n\t<li><a class=\"page-numbers\" href=\"https:\/\/fundacja-latarnia.pl\/index.php\/wp-json\/wp\/v2\/pages\/12135\/page\/2\/\">2<\/a><\/li>\n\t<li><a class=\"next page-numbers\" href=\"https:\/\/fundacja-latarnia.pl\/index.php\/wp-json\/wp\/v2\/pages\/12135\/page\/2\/\"><span class=\"cmsmasters_theme_icon_slide_next\"><\/span><\/a><\/li>\n<\/ul>\n<\/div><\/div><\/div>\n<\/div>\n<\/div>\n<\/div>\n<\/div>\n<\/div>\n<\/div>\n<div id=\"cmsmasters_row_69f33c582f4b66_87390722\" class=\"cmsmasters_row cmsmasters_color_scheme_first cmsmasters_row_top_default cmsmasters_row_bot_default cmsmasters_row_boxed\">\n<div class=\"cmsmasters_row_outer_parent\">\n<div class=\"cmsmasters_row_outer\">\n<div class=\"cmsmasters_row_inner\">\n<div class=\"cmsmasters_row_margin\">\n<div class=\"cmsmasters_column one_first\">\n<div class=\"cmsmasters_sidebar sidebar_layout_14141414\"><aside id=\"text-2\" class=\"widget widget_text\"><h3 class=\"widgettitle\">Jak do nas trafi\u0107<\/h3>\t\t\t<div class=\"textwidget\"><iframe src=\"https:\/\/www.google.com\/maps\/d\/embed?mid=1XmzBMmbXDre7LhXZj4HuQnQxNv8\"><\/iframe><br>\r\n<\/div>\n\t\t<\/aside><aside id=\"text-3\" class=\"widget widget_text\">\t\t\t<div class=\"textwidget\"> <div class=\"widget_pages\">\n<h3 class=\"widgettitle\">Nasze dzia\u0142ania<\/h3>\n<ul>\n<li><a href=\"https:\/\/fundacja-latarnia.pl\/index.php\/chrzescijanski-dom-zatoka-perel-2\">CHD Zatoka Pere\u0142<\/a><\/li>  \n<li><a href=\"https:\/\/fundacja-latarnia.pl\/index.php\/chrzescijanski-dom-przystan\/\">CHD Przysta\u0144<\/a><\/li>  \n<li><a href=\"https:\/\/fundacja-latarnia.pl\/index.php\/2016\/02\/24\/1477\/\">CHD Pere\u0142ki<\/a><\/li>  \n<li><a href=\"https:\/\/fundacja-latarnia.pl\/index.php\/relizowane-projekty\/\">Program PPAPCU<\/a><\/li> \n<li><a href=\"https:\/\/fundacja-latarnia.pl\/index.php\/relizowane-projekty\/\">Pikniki<\/a><\/li>   \n <li><a href=\"https:\/\/fundacja-latarnia.pl\/index.php\/relizowane-projekty\/\">Wypo\u017cyczalnia rower\u00f3w<\/a><\/li>\n\n <\/ul>\n<\/div><\/div>\n\t\t<\/aside><div class=\"cl\"><\/div>\n<\/div>\n<\/div>\n<\/div>\n<\/div>\n<\/div>\n<\/div>\n<\/div>\n<div id=\"cmsmasters_row_69f33c582f62d8_00455617\" class=\"cmsmasters_row cmsmasters_color_scheme_first cmsmasters_row_top_default cmsmasters_row_bot_default cmsmasters_row_boxed\">\n<div class=\"cmsmasters_row_outer_parent\">\n<div class=\"cmsmasters_row_outer\">\n<div class=\"cmsmasters_row_inner\">\n<div class=\"cmsmasters_row_margin\">\n<div class=\"cmsmasters_column one_first\">\n<div class=\"cmsmasters_sidebar sidebar_layout_131313\"><aside id=\"text-4\" class=\"widget widget_text\">\t\t\t<div class=\"textwidget\">\n<div id=\"cmsmasters_icon_69f33c582f7054_29284819\" class=\"cmsmasters_icon_wrap\"><span class=\"cmsmasters_simple_icon cmsmasters-icon-phone-alt\"><\/span><\/div>\n\r\n<p style=\"text-align: center; font-size: 18px;\">509 531 086 <\/p><\/div>\n\t\t<\/aside><aside id=\"text-5\" class=\"widget widget_text\">\t\t\t<div class=\"textwidget\">\n<div id=\"cmsmasters_icon_69f33c582f7478_57296346\" class=\"cmsmasters_icon_wrap\"><span class=\"cmsmasters_simple_icon cmsmasters-icon-location-3\"><\/span><\/div>\n\r\n<p style=\"text-align: center; font-size: 18px;\">Wola Piotrowa 34,<br> 38-505 Bukowsko <\/p><\/div>\n\t\t<\/aside><aside id=\"text-6\" class=\"widget widget_text\">\t\t\t<div class=\"textwidget\">\n<div id=\"cmsmasters_icon_69f33c582f7860_32501047\" class=\"cmsmasters_icon_wrap\"><span class=\"cmsmasters_simple_icon cmsmasters-icon-mail-3\"><\/span><\/div>\n\r\n<p style=\"text-align: center; font-size: 18px;\">biuro@fundacja-latarnia.pl<\/p><\/div>\n\t\t<\/aside><div class=\"cl\"><\/div>\n<\/div>\n<\/div>\n<\/div>\n<\/div>\n<\/div>\n<\/div>\n<\/div>\n\n","protected":false},"excerpt":{"rendered":"","protected":false},"author":1,"featured_media":0,"parent":0,"menu_order":0,"comment_status":"closed","ping_status":"closed","template":"","meta":{"ngg_post_thumbnail":0,"footnotes":""},"class_list":["post-12135","page","type-page","status-publish","hentry"],"_links":{"self":[{"href":"https:\/\/fundacja-latarnia.pl\/index.php\/wp-json\/wp\/v2\/pages\/12135","targetHints":{"allow":["GET"]}}],"collection":[{"href":"https:\/\/fundacja-latarnia.pl\/index.php\/wp-json\/wp\/v2\/pages"}],"about":[{"href":"https:\/\/fundacja-latarnia.pl\/index.php\/wp-json\/wp\/v2\/types\/page"}],"author":[{"embeddable":true,"href":"https:\/\/fundacja-latarnia.pl\/index.php\/wp-json\/wp\/v2\/users\/1"}],"replies":[{"embeddable":true,"href":"https:\/\/fundacja-latarnia.pl\/index.php\/wp-json\/wp\/v2\/comments?post=12135"}],"version-history":[{"count":4,"href":"https:\/\/fundacja-latarnia.pl\/index.php\/wp-json\/wp\/v2\/pages\/12135\/revisions"}],"predecessor-version":[{"id":12278,"href":"https:\/\/fundacja-latarnia.pl\/index.php\/wp-json\/wp\/v2\/pages\/12135\/revisions\/12278"}],"wp:attachment":[{"href":"https:\/\/fundacja-latarnia.pl\/index.php\/wp-json\/wp\/v2\/media?parent=12135"}],"curies":[{"name":"wp","href":"https:\/\/api.w.org\/{rel}","templated":true}]}}